{"id":2182,"date":"2017-05-13T17:40:26","date_gmt":"2017-05-13T15:40:26","guid":{"rendered":"https:\/\/www.chantegrive.ch\/travaux-de-la-vigne\/"},"modified":"2020-03-02T09:45:20","modified_gmt":"2020-03-02T08:45:20","slug":"die-rebenarbeiten","status":"publish","type":"page","link":"https:\/\/www.chantegrive.ch\/de\/die-rebenarbeiten\/","title":{"rendered":"Die Rebenarbeiten"},"content":{"rendered":"<div class=\"slider-wrapper relative\" id=\"slider-252412488\" style=\"background-color:rgb(48, 82, 70);\">\n    <div class=\"slider slider-nav-circle slider-nav-normal slider-nav-light slider-style-normal\"\n        data-flickity-options='{\n            \"cellAlign\": \"center\",\n            \"imagesLoaded\": true,\n            \"lazyLoad\": 1,\n            \"freeScroll\": false,\n            \"wrapAround\": true,\n            \"autoPlay\": 6000,\n            \"pauseAutoPlayOnHover\" : false,\n            \"prevNextButtons\": false,\n            \"contain\" : true,\n            \"adaptiveHeight\" : true,\n            \"dragThreshold\" : 10,\n            \"percentPosition\": true,\n            \"pageDots\": false,\n            \"rightToLeft\": false,\n            \"draggable\": true,\n            \"selectedAttraction\": 0.1,\n            \"parallax\" : 0,\n            \"friction\": 0.6        }'\n        >\n        \n\n\n  <div class=\"banner has-hover has-slide-effect slide-zoom-in\" id=\"banner-1184373192\">\n          <div class=\"banner-inner fill\">\n        <div class=\"banner-bg fill\" >\n            <img loading=\"lazy\" decoding=\"async\" width=\"1020\" height=\"364\" src=\"https:\/\/www.chantegrive.ch\/wp-content\/uploads\/2019\/11\/banniere-travaux-de-la-vigne-domaine-chantegrive-1400x500.jpg\" class=\"bg attachment-large size-large\" alt=\"Opengraph Cycle V\u00e9g\u00e9tatif Domaine de Chantegrive\" \/>                        <div class=\"overlay\"><\/div>            \n                    <\/div>\n\t\t\n        <div class=\"banner-layers container\">\n            <div class=\"fill banner-link\"><\/div>            \n\n   <div id=\"text-box-886670797\" class=\"text-box banner-layer x50 md-x50 lg-x50 y90 md-y70 lg-y70 res-text\">\n              <div data-parallax=\"3\" data-parallax-fade=\"true\">       <div data-animate=\"fadeInUp\">           <div class=\"text-box-content text dark\">\n              \n              <div class=\"text-inner text-center\">\n                  \n\n<h1 class=\"uppercase\" style=\"text-align: center;line-height:1.2;\">Die Rebenarbeiten<\/h1>\n\n              <\/div>\n           <\/div>\n       <\/div>       <\/div>              \n<style>\n#text-box-886670797 .text-inner {\n  padding: 44px 0px 44px 0px;\n}\n#text-box-886670797 {\n  width: 95%;\n}\n#text-box-886670797 .text-box-content {\n  font-size: 95%;\n}\n@media (min-width:550px) {\n  #text-box-886670797 {\n    width: 70%;\n  }\n  #text-box-886670797 .text-box-content {\n    font-size: 100%;\n  }\n}\n@media (min-width:850px) {\n  #text-box-886670797 {\n    width: 60%;\n  }\n}\n<\/style>\n    <\/div>\n \n\n        <\/div>\n      <\/div>\n\n            \n<style>\n#banner-1184373192 {\n  padding-top: 60%;\n}\n#banner-1184373192 .overlay {\n  background-color: rgba(0, 0, 0, 0.4);\n}\n#banner-1184373192 .banner-bg img {\n  object-position: 44% 32%;\n}\n@media (min-width:550px) {\n  #banner-1184373192 {\n    padding-top: 400px;\n  }\n}\n@media (min-width:850px) {\n  #banner-1184373192 {\n    padding-top: 660px;\n  }\n}\n<\/style>\n  <\/div>\n\n\n\n     <\/div>\n\n     <div class=\"loading-spin dark large centered\"><\/div>\n\n\t<\/div>\n\n\n<div class=\"row align-center\"  id=\"row-511121492\">\n\n\t<div id=\"col-84138285\" class=\"col medium-10 small-12 large-10\"  >\n\t\t\t\t<div class=\"col-inner text-center\"  >\n\t\t\t\n\t\t\t\n\t<div id=\"gap-561644419\" class=\"gap-element clearfix\" style=\"display:block; height:auto;\">\n\t\t\n<style>\n#gap-561644419 {\n  padding-top: 30px;\n}\n<\/style>\n\t<\/div>\n\t\n<div class=\"container section-title-container\" ><h2 class=\"section-title section-title-center\"><b><\/b><span class=\"section-title-main\" style=\"font-size:144%;\">Die Rebenarbeiten<\/span><b><\/b><\/h2><\/div>\n\t<div id=\"gap-1275124199\" class=\"gap-element clearfix\" style=\"display:block; height:auto;\">\n\t\t\n<style>\n#gap-1275124199 {\n  padding-top: 30px;\n}\n<\/style>\n\t<\/div>\n\t\n<p class=\"lead\">Die Rebenarbeiten in der Region von La C\u00f4te<\/p>\n<p><img loading=\"lazy\" decoding=\"async\" class=\"aligncenter size-full wp-image-5441\" src=\"https:\/\/www.chantegrive.ch\/wp-content\/uploads\/2019\/08\/separateur.png\" alt=\"\" width=\"144\" height=\"33\" \/><\/p>\n\t\t<\/div>\n\t\t\t\t\t<\/div>\n\n\t\n<\/div>\n<div class=\"row\"  id=\"row-381794891\">\n\n\t<div id=\"col-1019064883\" class=\"col small-12 large-12\"  >\n\t\t\t\t<div class=\"col-inner\"  >\n\t\t\t\n\t\t\t\n<p class=\"lead\">F\u00fcr die Arbeit in den Reben ist es besser, viele kleine H\u00e4nde zu haben als viele kleine Kleckse. Gerade beim Ausbrechen bzw. bei den Arbeiten am Rebstock gilt es \u00e4usserst pr\u00e4zise vorzugehen. Lediglich f\u00fcnf \u2013 oder je nach Pflanzenkultur sieben \u2013 Pflanzentriebe d\u00fcrfen am Stamm gelassen werden. Mit Entlaubungen wird Platz f\u00fcr die Trauben geschaffen und die Fruchtruten werden gebunden. Mit der sogenannten gr\u00fcnen Lese werden bereits erbsengrosse Beeren entfernt, so dass die verbleibenden Beeren mehr Kraft und eine bessere Qualit\u00e4t erhalten. Im Herbst steht schliesslich die Weinlese an, gefolgt von den Rebenschnitten, welche sich quasi \u00fcber den gesamten Winter erstrecken.<\/p>\n<p class=\"lead\">Wir geh\u00f6ren zu den Weingebieten, welche am l\u00e4ngsten an den Reben arbeiten \u2013 vor allem beim gezielten Entlauben, so dass die Trauben maximal von der Sonne profitieren k\u00f6nnen. Andererseits m\u00fcssen die Bl\u00e4tter wohldossiert bleiben, um die Trauben auch von zu starken Sonnenstrahlen zu sch\u00fctzen.<\/p>\n<p><img loading=\"lazy\" decoding=\"async\" class=\"alignleft size-full wp-image-560\" src=\"https:\/\/www.chantegrive.ch\/wp-content\/uploads\/2017\/05\/alain-rolaz.png\" alt=\"Alain Rolaz\" width=\"208\" height=\"67\" \/><\/p>\n<div style=\"clear: both;\">&nbsp;<\/div>\n\t<div id=\"gap-1348902439\" class=\"gap-element clearfix\" style=\"display:block; height:auto;\">\n\t\t\n<style>\n#gap-1348902439 {\n  padding-top: 40px;\n}\n<\/style>\n\t<\/div>\n\t\n\n\t\t<div class=\"tabbed-content\">\n\t\t\t<h4 class=\"uppercase text-left\">Die Rebenarbeiten<\/h4>\n\t\t\t<ul class=\"nav nav-divided nav-vertical nav-uppercase nav-size-small nav-left\" role=\"tablist\"><li id=\"tab-pflege\" class=\"tab active has-icon\" role=\"presentation\"><a href=\"#tab_pflege\" role=\"tab\" aria-selected=\"true\" aria-controls=\"tab_pflege\"><span>Pflege<\/span><\/a><\/li>\n<li id=\"tab-pflanzzeit\" class=\"tab has-icon\" role=\"presentation\"><a href=\"#tab_pflanzzeit\" tabindex=\"-1\" role=\"tab\" aria-selected=\"false\" aria-controls=\"tab_pflanzzeit\"><span>Pflanzzeit<\/span><\/a><\/li>\n<li id=\"tab-entfernung-der-\u00fcbersch\u00fcssigen-knospen\" class=\"tab has-icon\" role=\"presentation\"><a href=\"#tab_entfernung-der-\u00fcbersch\u00fcssigen-knospen\" tabindex=\"-1\" role=\"tab\" aria-selected=\"false\" aria-controls=\"tab_entfernung-der-\u00fcbersch\u00fcssigen-knospen\"><span>Entfernung der \u00fcbersch\u00fcssigen Knospen<\/span><\/a><\/li>\n<li id=\"tab-entfernung-alter-zweigtriebe-vom-stamm\" class=\"tab has-icon\" role=\"presentation\"><a href=\"#tab_entfernung-alter-zweigtriebe-vom-stamm\" tabindex=\"-1\" role=\"tab\" aria-selected=\"false\" aria-controls=\"tab_entfernung-alter-zweigtriebe-vom-stamm\"><span>Entfernung alter Zweigtriebe vom Stamm<\/span><\/a><\/li>\n<li id=\"tab-pflanzenschutz-behandlungen\" class=\"tab has-icon\" role=\"presentation\"><a href=\"#tab_pflanzenschutz-behandlungen\" tabindex=\"-1\" role=\"tab\" aria-selected=\"false\" aria-controls=\"tab_pflanzenschutz-behandlungen\"><span>Pflanzenschutz-Behandlungen<\/span><\/a><\/li>\n<li id=\"tab-insektenbek\u00e4mpfung\" class=\"tab has-icon\" role=\"presentation\"><a href=\"#tab_insektenbek\u00e4mpfung\" tabindex=\"-1\" role=\"tab\" aria-selected=\"false\" aria-controls=\"tab_insektenbek\u00e4mpfung\"><span>Insektenbek\u00e4mpfung<\/span><\/a><\/li>\n<li id=\"tab-entlaubung\" class=\"tab has-icon\" role=\"presentation\"><a href=\"#tab_entlaubung\" tabindex=\"-1\" role=\"tab\" aria-selected=\"false\" aria-controls=\"tab_entlaubung\"><span>Entlaubung<\/span><\/a><\/li>\n<li id=\"tab-aufbinden-an-den-reben-zaunreihen\" class=\"tab has-icon\" role=\"presentation\"><a href=\"#tab_aufbinden-an-den-reben-zaunreihen\" tabindex=\"-1\" role=\"tab\" aria-selected=\"false\" aria-controls=\"tab_aufbinden-an-den-reben-zaunreihen\"><span>Aufbinden an den Reben-Zaunreihen<\/span><\/a><\/li><\/ul><div class=\"tab-panels\"><div id=\"tab_pflege\" class=\"panel active entry-content\" role=\"tabpanel\" aria-labelledby=\"tab-pflege\">\n<h2>Pflege<\/h2>\n<p>&nbsp;<\/p>\n<p class=\"lead\">Die D\u00fcngezeit und die Bodenbearbeitung bzw. stellenweises Pfl\u00fcgen beschliessen die Pflegearbeiten.<\/p>\n<\/div>\n<div id=\"tab_pflanzzeit\" class=\"panel entry-content\" role=\"tabpanel\" aria-labelledby=\"tab-pflanzzeit\">\n<h2>Pflanzzeit<\/h2>\n<p>&nbsp;<\/p>\n<p class=\"lead\">Wenn die April-Sonne den Boden wieder aufheizt, bereitet der Weinbauer seine Rebenparzellen wieder vor. Auf bevorzugten B\u00f6den werden junge Pflanzen gesetzt. Diese Arbeit setzt einen enormen Einsatz an Arbeitskr\u00e4ften, Handarbeit und Material (Pfl\u00f6cke, Eisendraht usw.) voraus.<br \/>\nJunge, frisch angepflanzte Reben werden in etwa 4 bis 5 Jahren wieder eine vollwertige Ernte ergeben.<\/p>\n<\/div>\n<div id=\"tab_entfernung-der-\u00fcbersch\u00fcssigen-knospen\" class=\"panel entry-content\" role=\"tabpanel\" aria-labelledby=\"tab-entfernung-der-\u00fcbersch\u00fcssigen-knospen\">\n<h2>Entfernung der \u00fcbersch\u00fcssigen Knospen<\/h2>\n<p>&nbsp;<\/p>\n<p class=\"lead\">Die unerw\u00fcnschten Knospen werden manuell ausgerissen und nur rein die Hauptknospen \u00fcbrig gelassen. Aus diesen konstituieren sich letztendlich die tragenden Holz\u00e4ste f\u00fcr die Weintrauben.<\/p>\n<\/div>\n<div id=\"tab_entfernung-alter-zweigtriebe-vom-stamm\" class=\"panel entry-content\" role=\"tabpanel\" aria-labelledby=\"tab-entfernung-alter-zweigtriebe-vom-stamm\">\n<h2>Entfernung alter Zweigtriebe vom Stamm<\/h2>\n<p>&nbsp;<\/p>\n<p class=\"lead\">Am \u00e4ltesten Teil der Rebstockwurzeln findet man unfruchtbare Triebe. Das heisst Rebensprossen, an welchen keine Trauben mehr wachsen jedoch unn\u00f6tigerweise Kraft vom gesamten Rebstock entziehen. Diese Triebe vom Rebenstamm werden ab Mai geschnitten: Diesen Vorgang bezeichnet man als \u00ab\u00e9pamprage\u00bb.<\/p>\n<\/div>\n<div id=\"tab_pflanzenschutz-behandlungen\" class=\"panel entry-content\" role=\"tabpanel\" aria-labelledby=\"tab-pflanzenschutz-behandlungen\">\n<h2>Pflanzenschutz-Behandlungen<\/h2>\n<p>&nbsp;<\/p>\n<p class=\"lead\">Es w\u00e4re sch\u00e4dlich, die Reben w\u00e4hrend der vegetativen Phase schutzlos zu belassen. Vor allem w\u00e4hrend dem Stadium, in dem die Weinbeeren sichtbar werden bis zur vollen Reife.<br \/>\nFolglich ist die Aufmerksamkeit des Weinbauers zwischen der Reben-Bl\u00fcte (im Juni) und der eigentlichen Traubenbildung besonders ausgepr\u00e4gt. W\u00e4hrendem bereitet er seine Spr\u00fchger\u00e4te vor, um allf\u00e4llige Pilzkrankheiten zu bek\u00e4mpfen: Mehltau, F\u00e4ulnis usw.<br \/>\nAb Mitte August werden keine Behandlungen mehr ausgef\u00fchrt.<\/p>\n<\/div>\n<div id=\"tab_insektenbek\u00e4mpfung\" class=\"panel entry-content\" role=\"tabpanel\" aria-labelledby=\"tab-insektenbek\u00e4mpfung\">\n<h2>Insektenbek\u00e4mpfung<\/h2>\n<p>&nbsp;<\/p>\n<p class=\"lead\">Bei einer Integrierten Produktion werden die Reben bei der Insektenbek\u00e4mpfung mit biologischen Produkten behandelt. Diese verfolgen das Ziel, die Entwicklung von Eiern und Larven m\u00f6glicher Sch\u00e4dlinge zu beeintr\u00e4chtigen.<br \/>\nZudem k\u00f6nnen dadurch die Eier allf\u00e4lliger Traubenw\u00fcrmer nicht ausschl\u00fcpfen und die Larven von L\u00e4usen werden zerst\u00f6rt.<\/p>\n<\/div>\n<div id=\"tab_entlaubung\" class=\"panel entry-content\" role=\"tabpanel\" aria-labelledby=\"tab-entlaubung\">\n<h2>Entlaubung<\/h2>\n<p>&nbsp;<\/p>\n<p class=\"lead\">Damit die Weinbeeren maximal von der Sonne profitieren k\u00f6nnen, wird das \u00fcbersch\u00fcssige Laub entfernt. So werden die Weintrauben zudem besser bel\u00fcftet und das F\u00e4ulnisrisiko limitiert.<\/p>\n<\/div>\n<div id=\"tab_aufbinden-an-den-reben-zaunreihen\" class=\"panel entry-content\" role=\"tabpanel\" aria-labelledby=\"tab-aufbinden-an-den-reben-zaunreihen\">\n<h2>Aufbinden an den Reben-Zaunreihen<\/h2>\n<p>&nbsp;<\/p>\n<p class=\"lead\">Die neuen Zweige m\u00fcssen an der Reben-Zaunreihe festgemacht werden. Sie werden dabei am Eisendraht festgebunden, damit sie in Richtung der Reihe wachsen k\u00f6nnen.<\/p>\n<\/div><\/div><\/div>\n\t<div id=\"gap-1467136647\" class=\"gap-element clearfix\" style=\"display:block; height:auto;\">\n\t\t\n<style>\n#gap-1467136647 {\n  padding-top: 70px;\n}\n<\/style>\n\t<\/div>\n\t\n\n  \n    <div class=\"row large-columns-2 medium-columns- small-columns-\" >\n  <div class=\"gallery-col col\" >\n          <div class=\"col-inner\">\n            <a class=\"image-lightbox lightbox-gallery\" href=\"https:\/\/www.chantegrive.ch\/wp-content\/uploads\/2017\/05\/travaux-de-la-vigne-printemps.jpg\" title=\"Printemps\">            <div class=\"box has-hover gallery-box box-overlay dark\">\n              <div class=\"box-image\" >\n                <img loading=\"lazy\" decoding=\"async\" width=\"611\" height=\"242\" src=\"https:\/\/www.chantegrive.ch\/wp-content\/uploads\/2017\/05\/travaux-de-la-vigne-printemps.jpg\" class=\"attachment-medium size-medium\" alt=\"\" ids=\"619,620,621,618\" columns=\"2\" srcset=\"https:\/\/www.chantegrive.ch\/wp-content\/uploads\/2017\/05\/travaux-de-la-vigne-printemps.jpg 611w, https:\/\/www.chantegrive.ch\/wp-content\/uploads\/2017\/05\/travaux-de-la-vigne-printemps-510x202.jpg 510w\" sizes=\"auto, (max-width: 611px) 100vw, 611px\" \/>                                  <div class=\"overlay fill\"\n                      style=\"background-color: rgba(0,0,0,.15)\">\n                  <\/div>\n                                                              <\/div>\n              <div class=\"box-text text-left\" >\n                 <p>Printemps<\/p>\n              <\/div>\n            <\/div>\n            <\/a>          <\/div>\n         <\/div><div class=\"gallery-col col\" >\n          <div class=\"col-inner\">\n            <a class=\"image-lightbox lightbox-gallery\" href=\"https:\/\/www.chantegrive.ch\/wp-content\/uploads\/2017\/05\/travaux-de-la-vigne-ete.jpg\" title=\"Et\u00e9\">            <div class=\"box has-hover gallery-box box-overlay dark\">\n              <div class=\"box-image\" >\n                <img loading=\"lazy\" decoding=\"async\" width=\"611\" height=\"242\" src=\"https:\/\/www.chantegrive.ch\/wp-content\/uploads\/2017\/05\/travaux-de-la-vigne-ete.jpg\" class=\"attachment-medium size-medium\" alt=\"\" ids=\"619,620,621,618\" columns=\"2\" srcset=\"https:\/\/www.chantegrive.ch\/wp-content\/uploads\/2017\/05\/travaux-de-la-vigne-ete.jpg 611w, https:\/\/www.chantegrive.ch\/wp-content\/uploads\/2017\/05\/travaux-de-la-vigne-ete-510x202.jpg 510w\" sizes=\"auto, (max-width: 611px) 100vw, 611px\" \/>                                  <div class=\"overlay fill\"\n                      style=\"background-color: rgba(0,0,0,.15)\">\n                  <\/div>\n                                                              <\/div>\n              <div class=\"box-text text-left\" >\n                 <p>Et\u00e9<\/p>\n              <\/div>\n            <\/div>\n            <\/a>          <\/div>\n         <\/div><div class=\"gallery-col col\" >\n          <div class=\"col-inner\">\n            <a class=\"image-lightbox lightbox-gallery\" href=\"https:\/\/www.chantegrive.ch\/wp-content\/uploads\/2017\/05\/travaux-de-la-vigne.-automne.jpg\" title=\"Automne\">            <div class=\"box has-hover gallery-box box-overlay dark\">\n              <div class=\"box-image\" >\n                <img loading=\"lazy\" decoding=\"async\" width=\"611\" height=\"242\" src=\"https:\/\/www.chantegrive.ch\/wp-content\/uploads\/2017\/05\/travaux-de-la-vigne.-automne.jpg\" class=\"attachment-medium size-medium\" alt=\"\" ids=\"619,620,621,618\" columns=\"2\" srcset=\"https:\/\/www.chantegrive.ch\/wp-content\/uploads\/2017\/05\/travaux-de-la-vigne.-automne.jpg 611w, https:\/\/www.chantegrive.ch\/wp-content\/uploads\/2017\/05\/travaux-de-la-vigne.-automne-510x202.jpg 510w\" sizes=\"auto, (max-width: 611px) 100vw, 611px\" \/>                                  <div class=\"overlay fill\"\n                      style=\"background-color: rgba(0,0,0,.15)\">\n                  <\/div>\n                                                              <\/div>\n              <div class=\"box-text text-left\" >\n                 <p>Automne<\/p>\n              <\/div>\n            <\/div>\n            <\/a>          <\/div>\n         <\/div><div class=\"gallery-col col\" >\n          <div class=\"col-inner\">\n            <a class=\"image-lightbox lightbox-gallery\" href=\"https:\/\/www.chantegrive.ch\/wp-content\/uploads\/2017\/05\/travaux-de-la-vigne-hiver.jpg\" title=\"Hiver\">            <div class=\"box has-hover gallery-box box-overlay dark\">\n              <div class=\"box-image\" >\n                <img loading=\"lazy\" decoding=\"async\" width=\"611\" height=\"242\" src=\"https:\/\/www.chantegrive.ch\/wp-content\/uploads\/2017\/05\/travaux-de-la-vigne-hiver.jpg\" class=\"attachment-medium size-medium\" alt=\"\" ids=\"619,620,621,618\" columns=\"2\" srcset=\"https:\/\/www.chantegrive.ch\/wp-content\/uploads\/2017\/05\/travaux-de-la-vigne-hiver.jpg 611w, https:\/\/www.chantegrive.ch\/wp-content\/uploads\/2017\/05\/travaux-de-la-vigne-hiver-510x202.jpg 510w\" sizes=\"auto, (max-width: 611px) 100vw, 611px\" \/>                                  <div class=\"overlay fill\"\n                      style=\"background-color: rgba(0,0,0,.15)\">\n                  <\/div>\n                                                              <\/div>\n              <div class=\"box-text text-left\" >\n                 <p>Hiver<\/p>\n              <\/div>\n            <\/div>\n            <\/a>          <\/div>\n         <\/div><\/div>\n\t<div id=\"gap-2130327217\" class=\"gap-element clearfix\" style=\"display:block; height:auto;\">\n\t\t\n<style>\n#gap-2130327217 {\n  padding-top: 40px;\n}\n<\/style>\n\t<\/div>\n\t\n\n\t\t<div class=\"tabbed-content\">\n\t\t\t<h4 class=\"uppercase text-left\">Rebenschneiden<\/h4>\n\t\t\t<ul class=\"nav nav-divided nav-vertical nav-uppercase nav-size-small nav-left\" role=\"tablist\"><li id=\"tab-572575499\" class=\"tab active has-icon\" role=\"presentation\"><a href=\"#tab_572575499\" role=\"tab\" aria-selected=\"true\" aria-controls=\"tab_572575499\"><span><\/span><\/a><\/li>\n<li id=\"tab-gr\u00fcne-traubenlese\" class=\"tab has-icon\" role=\"presentation\"><a href=\"#tab_gr\u00fcne-traubenlese\" tabindex=\"-1\" role=\"tab\" aria-selected=\"false\" aria-controls=\"tab_gr\u00fcne-traubenlese\"><span>Gr\u00fcne Traubenlese<\/span><\/a><\/li>\n<li id=\"tab-start-der-weinernte\" class=\"tab has-icon\" role=\"presentation\"><a href=\"#tab_start-der-weinernte\" tabindex=\"-1\" role=\"tab\" aria-selected=\"false\" aria-controls=\"tab_start-der-weinernte\"><span>Start der Weinernte<\/span><\/a><\/li>\n<li id=\"tab-weinernte\" class=\"tab has-icon\" role=\"presentation\"><a href=\"#tab_weinernte\" tabindex=\"-1\" role=\"tab\" aria-selected=\"false\" aria-controls=\"tab_weinernte\"><span>Weinernte<\/span><\/a><\/li>\n<li id=\"tab-reben-ausreissen\" class=\"tab has-icon\" role=\"presentation\"><a href=\"#tab_reben-ausreissen\" tabindex=\"-1\" role=\"tab\" aria-selected=\"false\" aria-controls=\"tab_reben-ausreissen\"><span>Reben ausreissen<\/span><\/a><\/li>\n<li id=\"tab-neubepflanzung\" class=\"tab has-icon\" role=\"presentation\"><a href=\"#tab_neubepflanzung\" tabindex=\"-1\" role=\"tab\" aria-selected=\"false\" aria-controls=\"tab_neubepflanzung\"><span>Neubepflanzung<\/span><\/a><\/li>\n<li id=\"tab-schneiden\" class=\"tab has-icon\" role=\"presentation\"><a href=\"#tab_schneiden\" tabindex=\"-1\" role=\"tab\" aria-selected=\"false\" aria-controls=\"tab_schneiden\"><span>Schneiden<\/span><\/a><\/li>\n<li id=\"tab-das-ausbrechen-der-rebenzweige\" class=\"tab has-icon\" role=\"presentation\"><a href=\"#tab_das-ausbrechen-der-rebenzweige\" tabindex=\"-1\" role=\"tab\" aria-selected=\"false\" aria-controls=\"tab_das-ausbrechen-der-rebenzweige\"><span>Das Ausbrechen der Rebenzweige<\/span><\/a><\/li>\n<li id=\"tab-d\u00fcngung\" class=\"tab has-icon\" role=\"presentation\"><a href=\"#tab_d\u00fcngung\" tabindex=\"-1\" role=\"tab\" aria-selected=\"false\" aria-controls=\"tab_d\u00fcngung\"><span>D\u00fcngung<\/span><\/a><\/li>\n<li id=\"tab-pfropfen\" class=\"tab has-icon\" role=\"presentation\"><a href=\"#tab_pfropfen\" tabindex=\"-1\" role=\"tab\" aria-selected=\"false\" aria-controls=\"tab_pfropfen\"><span>Pfropfen<\/span><\/a><\/li><\/ul><div class=\"tab-panels\"><div id=\"tab_572575499\" class=\"panel active entry-content\" role=\"tabpanel\" aria-labelledby=\"tab-572575499\">\n<h2>Rebenschneiden<\/h2>\n<p>&nbsp;<\/p>\n<p class=\"lead\">Bis im Monat August schneidet der Winzer alles, was aus der Reben-Zaunreihe raus ragt. Er schneidet und pflegt die Reben.<\/p>\n<\/div>\n<div id=\"tab_gr\u00fcne-traubenlese\" class=\"panel entry-content\" role=\"tabpanel\" aria-labelledby=\"tab-gr\u00fcne-traubenlese\">\n<h2>Gr\u00fcne Traubenlese<\/h2>\n<p>&nbsp;<\/p>\n<p class=\"lead\">Gegen Ende August erreichen die Trauben langsam Ihre Reife. Zeit f\u00fcr den Winzer, s\u00e4mtliche Behandlungsarbeiten einzustellen. Ab diesem Zeitpunkt fokussiert er sich auf die Reinigung der Tanks und F\u00e4sser sowie auf die Instand- und Bereitstellung des Winzer- und Erntematerials.<\/p>\n<\/div>\n<div id=\"tab_start-der-weinernte\" class=\"panel entry-content\" role=\"tabpanel\" aria-labelledby=\"tab-start-der-weinernte\">\n<h2>Start der Weinernte<\/h2>\n<p>&nbsp;<\/p>\n<p class=\"lead\">Die Bestimmung des Weinernte-Datums ist ein komplexer Prozess. Theoretisch kann die Ernte nach 110 Tagen nach der Bl\u00fctezeit vollzogen werden. In der Praxis jedoch spielen zus\u00e4tzliche Faktoren eine wichtige Rolle. Unter anderem der Reifegrad der Trauben, die Wettervorhersagen, die meteorologischen Bedingungen w\u00e4hrend des gesamten Jahres, allf\u00e4llige Krankheiten und Sch\u00e4dlinge der Pflanzen usw. Tats\u00e4chlich wird der genaue Erntezeitpunkt letztendlich basierend auf den F\u00e4higkeiten und der Erfahrung des jeweiligen Winzers, welcher alle relevanten Faktoren ber\u00fccksichtigt, festgelegt.<\/p>\n<\/div>\n<div id=\"tab_weinernte\" class=\"panel entry-content\" role=\"tabpanel\" aria-labelledby=\"tab-weinernte\">\n<h2>Weinernte<\/h2>\n<p>&nbsp;<\/p>\n<p class=\"lead\">Aus Respekt der Tradition gegen\u00fcber, werden die Trauben manuell geerntet. Diese werden geschnitten, sortiert und durch die Ernte-Helferinnen und -Helfer in Kisten gef\u00fchlt. Brententr\u00e4ger sammeln diese ein und leeren die Trauben in grosse Winzer-Beh\u00e4lter. Sobald die Beh\u00e4lter voll sind oder die Reben-Parzelle gewechselt wird, werden die Beh\u00e4lter zur Traubenpresse bef\u00f6rdert.<\/p>\n<\/div>\n<div id=\"tab_reben-ausreissen\" class=\"panel entry-content\" role=\"tabpanel\" aria-labelledby=\"tab-reben-ausreissen\">\n<h2>Reben ausreissen<\/h2>\n<p>&nbsp;<\/p>\n<p class=\"lead\">In jedem Jahr werden die \u00e4ltesten Rebst\u00f6cke ausgerissen. Die Ackerschichten werden tiefgr\u00fcndig gepfl\u00fcgt und dadurch bel\u00fcftet sowie die restlichen Wurzeln entfernt.<\/p>\n<\/div>\n<div id=\"tab_neubepflanzung\" class=\"panel entry-content\" role=\"tabpanel\" aria-labelledby=\"tab-neubepflanzung\">\n<h2>Neubepflanzung<\/h2>\n<p>&nbsp;<\/p>\n<p class=\"lead\">Sobald die Weinernte beendet wurde, werden krankhafte Rebenwurzeln ausgerissen und durch neue Setzlinge ersetzt.<\/p>\n<\/div>\n<div id=\"tab_schneiden\" class=\"panel entry-content\" role=\"tabpanel\" aria-labelledby=\"tab-schneiden\">\n<h2>Schneiden<\/h2>\n<p>&nbsp;<\/p>\n<p class=\"lead\">Jedes Jahr spriessen von neuem verschiedene Zweige aus den Rebst\u00f6cken. Die Trauben wachsen jeweils auf den Spr\u00f6sslingen des Jahres bzw. auf dem Holz des Vorjahres jedoch nie auf der Basis des alten Holz. Man beh\u00e4lt einen Zweig und einen Reservezweig mit zwei Wurzelaugen.<\/p>\n<\/div>\n<div id=\"tab_das-ausbrechen-der-rebenzweige\" class=\"panel entry-content\" role=\"tabpanel\" aria-labelledby=\"tab-das-ausbrechen-der-rebenzweige\">\n<h2>Das Ausbrechen der Rebenzweige<\/h2>\n<p>&nbsp;<\/p>\n<p class=\"lead\">Das Schneiden setzt sich fort. Der Winzer l\u00e4sst w\u00e4hrend dem Schneiden die Zweige in die Rebenreihe fallen. Dies ist das Ausbrechen der Rebenzweige. Die Zweige werden in den Reihen zerquetscht und verkleinert.<\/p>\n<\/div>\n<div id=\"tab_d\u00fcngung\" class=\"panel entry-content\" role=\"tabpanel\" aria-labelledby=\"tab-d\u00fcngung\">\n<h2>D\u00fcngung<\/h2>\n<p>&nbsp;<\/p>\n<p class=\"lead\">Ein Rebstock bleibt w\u00e4hrend mehr als 30 Jahren auf derselben Parzelle. Entsprechend wichtig ist es, dem Boden D\u00fcngemittel und N\u00e4hrstoffe, welche durch die Ernte entzogen wurden, wieder zuzuf\u00fchren und den Boden anzureichern. Die Zufuhr von D\u00fcnger hilft bei der Entwicklung seiner Vegetation, seiner Fr\u00fcchte aber auch, um gegen\u00fcber Krankheiten resistenter zu werden.<\/p>\n<\/div>\n<div id=\"tab_pfropfen\" class=\"panel entry-content\" role=\"tabpanel\" aria-labelledby=\"tab-pfropfen\">\n<h2>Pfropfen<\/h2>\n<p>&nbsp;<\/p>\n<p class=\"lead\">Zwei verschiedene Rebst\u00f6cke werden miteinander gekreuzt und verwachsen. Basierend auf dem einen Rebstock, dem Pfr\u00f6pfling, entspriessen schliesslich einmal die Weintrauben. Der andere bildet die eigentliche Unterlage und dient als Fundament der Pflanze.<\/p>\n<\/div><\/div><\/div>\n\t\t<\/div>\n\t\t\t\t\t<\/div>\n\n\t\n<\/div>\n<div class=\"row\"  id=\"row-82367737\">\n\t<div id=\"gap-1216101782\" class=\"gap-element clearfix\" style=\"display:block; height:auto;\">\n\t\t\n<style>\n#gap-1216101782 {\n  padding-top: 60px;\n}\n<\/style>\n\t<\/div>\n\t\n\n\t<div id=\"col-1203262526\" class=\"col medium-3 small-6 large-3\"  >\n\t\t\t\t<div class=\"col-inner\"  >\n\t\t\t\n\t\t\t\n\t<div class=\"box has-hover   has-hover box-text-bottom\" >\n\n\t\t<div class=\"box-image\" >\n\t\t\t<a href=\"https:\/\/www.chantegrive.ch\/de\/die-geschichte-des-domaines\/\" >\t\t\t<div class=\"\" >\n\t\t\t\t<img loading=\"lazy\" decoding=\"async\" width=\"1200\" height=\"630\" src=\"https:\/\/www.chantegrive.ch\/wp-content\/uploads\/2019\/11\/opengraph-historique-domaine-chantegrive.jpg\" class=\"attachment- size-\" alt=\"Opengraph Historique Domaine de Chantegrive\" srcset=\"https:\/\/www.chantegrive.ch\/wp-content\/uploads\/2019\/11\/opengraph-historique-domaine-chantegrive.jpg 1200w, https:\/\/www.chantegrive.ch\/wp-content\/uploads\/2019\/11\/opengraph-historique-domaine-chantegrive-762x400.jpg 762w, https:\/\/www.chantegrive.ch\/wp-content\/uploads\/2019\/11\/opengraph-historique-domaine-chantegrive-768x403.jpg 768w, https:\/\/www.chantegrive.ch\/wp-content\/uploads\/2019\/11\/opengraph-historique-domaine-chantegrive-510x268.jpg 510w\" sizes=\"auto, (max-width: 1200px) 100vw, 1200px\" \/>\t\t\t\t\t\t\t\t\t\t\t<\/div>\n\t\t\t<\/a>\t\t<\/div>\n\n\t\t<div class=\"box-text text-center\" >\n\t\t\t<div class=\"box-text-inner\">\n\t\t\t\t\n<h4><a href=\"https:\/\/www.chantegrive.ch\/de\/die-geschichte-des-domaines\/\">HISTORISCH<\/a><\/h4>\n\t\t\t<\/div>\n\t\t<\/div>\n\t<\/div>\n\t\n\t\t<\/div>\n\t\t\t\t\t<\/div>\n\n\t\n\n\t<div id=\"col-1994559874\" class=\"col medium-3 small-6 large-3\"  >\n\t\t\t\t<div class=\"col-inner\"  >\n\t\t\t\n\t\t\t\n\t<div class=\"box has-hover   has-hover box-text-bottom\" >\n\n\t\t<div class=\"box-image\" >\n\t\t\t<a href=\"https:\/\/www.chantegrive.ch\/de\/die-rebensorten\/\" >\t\t\t<div class=\"\" >\n\t\t\t\t<img loading=\"lazy\" decoding=\"async\" width=\"1200\" height=\"630\" src=\"https:\/\/www.chantegrive.ch\/wp-content\/uploads\/2019\/11\/opengraph-cepages-domaine-chantegrive.jpg\" class=\"attachment- size-\" alt=\"Opengraph C\u00e9pages Domaine de Chantegrive\" srcset=\"https:\/\/www.chantegrive.ch\/wp-content\/uploads\/2019\/11\/opengraph-cepages-domaine-chantegrive.jpg 1200w, https:\/\/www.chantegrive.ch\/wp-content\/uploads\/2019\/11\/opengraph-cepages-domaine-chantegrive-762x400.jpg 762w, https:\/\/www.chantegrive.ch\/wp-content\/uploads\/2019\/11\/opengraph-cepages-domaine-chantegrive-768x403.jpg 768w, https:\/\/www.chantegrive.ch\/wp-content\/uploads\/2019\/11\/opengraph-cepages-domaine-chantegrive-510x268.jpg 510w\" sizes=\"auto, (max-width: 1200px) 100vw, 1200px\" \/>\t\t\t\t\t\t\t\t\t\t\t<\/div>\n\t\t\t<\/a>\t\t<\/div>\n\n\t\t<div class=\"box-text text-center\" >\n\t\t\t<div class=\"box-text-inner\">\n\t\t\t\t\n<h4><a href=\"https:\/\/www.chantegrive.ch\/de\/die-rebensorten\/\">DIE REBENSORTEN<br \/>\n<\/a><\/h4>\n\t\t\t<\/div>\n\t\t<\/div>\n\t<\/div>\n\t\n\t\t<\/div>\n\t\t\t\t\t<\/div>\n\n\t\n\n\t<div id=\"col-328985921\" class=\"col medium-3 small-6 large-3\"  >\n\t\t\t\t<div class=\"col-inner\"  >\n\t\t\t\n\t\t\t\n\t<div class=\"box has-hover   has-hover box-text-bottom\" >\n\n\t\t<div class=\"box-image\" >\n\t\t\t<a href=\"https:\/\/www.chantegrive.ch\/de\/die-rebenarbeiten\/\" >\t\t\t<div class=\"\" >\n\t\t\t\t<img loading=\"lazy\" decoding=\"async\" width=\"1200\" height=\"630\" src=\"https:\/\/www.chantegrive.ch\/wp-content\/uploads\/2019\/11\/opengraph-travaux-de-la-vigne-domaine-chantegrive.jpg\" class=\"attachment- size-\" alt=\"Opengraph Travaux de la Vigne Domaine de Chantegrive\" srcset=\"https:\/\/www.chantegrive.ch\/wp-content\/uploads\/2019\/11\/opengraph-travaux-de-la-vigne-domaine-chantegrive.jpg 1200w, https:\/\/www.chantegrive.ch\/wp-content\/uploads\/2019\/11\/opengraph-travaux-de-la-vigne-domaine-chantegrive-762x400.jpg 762w, https:\/\/www.chantegrive.ch\/wp-content\/uploads\/2019\/11\/opengraph-travaux-de-la-vigne-domaine-chantegrive-768x403.jpg 768w, https:\/\/www.chantegrive.ch\/wp-content\/uploads\/2019\/11\/opengraph-travaux-de-la-vigne-domaine-chantegrive-510x268.jpg 510w\" sizes=\"auto, (max-width: 1200px) 100vw, 1200px\" \/>\t\t\t\t\t\t\t\t\t\t\t<\/div>\n\t\t\t<\/a>\t\t<\/div>\n\n\t\t<div class=\"box-text text-center\" >\n\t\t\t<div class=\"box-text-inner\">\n\t\t\t\t\n<h4><a href=\"https:\/\/www.chantegrive.ch\/de\/die-rebenarbeiten\/\">DIE REBENARBEITEN<br \/>\n<\/a><\/h4>\n\t\t\t<\/div>\n\t\t<\/div>\n\t<\/div>\n\t\n\t\t<\/div>\n\t\t\t\t\t<\/div>\n\n\t\n\n\t<div id=\"col-796046386\" class=\"col medium-3 small-6 large-3\"  >\n\t\t\t\t<div class=\"col-inner\"  >\n\t\t\t\n\t\t\t\n\t<div class=\"box has-hover   has-hover box-text-bottom\" >\n\n\t\t<div class=\"box-image\" >\n\t\t\t<a href=\"https:\/\/www.chantegrive.ch\/de\/vegetative-prozess\/\" >\t\t\t<div class=\"\" >\n\t\t\t\t<img loading=\"lazy\" decoding=\"async\" width=\"1200\" height=\"630\" src=\"https:\/\/www.chantegrive.ch\/wp-content\/uploads\/2019\/11\/opengraph-cycle-vegetatif-domaine-chantegrive.jpg\" class=\"attachment- size-\" alt=\"Opengraph Cycle V\u00e9g\u00e9tatif Domaine de Chantegrive\" srcset=\"https:\/\/www.chantegrive.ch\/wp-content\/uploads\/2019\/11\/opengraph-cycle-vegetatif-domaine-chantegrive.jpg 1200w, https:\/\/www.chantegrive.ch\/wp-content\/uploads\/2019\/11\/opengraph-cycle-vegetatif-domaine-chantegrive-762x400.jpg 762w, https:\/\/www.chantegrive.ch\/wp-content\/uploads\/2019\/11\/opengraph-cycle-vegetatif-domaine-chantegrive-768x403.jpg 768w, https:\/\/www.chantegrive.ch\/wp-content\/uploads\/2019\/11\/opengraph-cycle-vegetatif-domaine-chantegrive-510x268.jpg 510w\" sizes=\"auto, (max-width: 1200px) 100vw, 1200px\" \/>\t\t\t\t\t\t\t\t\t\t\t<\/div>\n\t\t\t<\/a>\t\t<\/div>\n\n\t\t<div class=\"box-text text-center\" >\n\t\t\t<div class=\"box-text-inner\">\n\t\t\t\t\n<h4><a href=\"https:\/\/www.chantegrive.ch\/de\/vegetative-prozess\/\">VEGETATIVE PROZESS<\/a><\/h4>\n\t\t\t<\/div>\n\t\t<\/div>\n\t<\/div>\n\t\n\t\t<\/div>\n\t\t\t\t\t<\/div>\n\n\t\n<\/div>\n<div class=\"row\"  id=\"row-725453827\">\n\n\t<div id=\"col-1932406754\" class=\"col medium-3 small-6 large-3\"  >\n\t\t\t\t<div class=\"col-inner\"  >\n\t\t\t\n\t\t\t\n\t<div class=\"box has-hover   has-hover box-text-bottom\" >\n\n\t\t<div class=\"box-image\" >\n\t\t\t<a href=\"https:\/\/www.chantegrive.ch\/de\/die-vinifizierung\/\" >\t\t\t<div class=\"\" >\n\t\t\t\t<img loading=\"lazy\" decoding=\"async\" width=\"1200\" height=\"630\" src=\"https:\/\/www.chantegrive.ch\/wp-content\/uploads\/2019\/11\/opengraph-vinification-domaine-chantegrive-1.jpg\" class=\"attachment- size-\" alt=\"Opengraph Vinification Domaine de Chantegrive\" srcset=\"https:\/\/www.chantegrive.ch\/wp-content\/uploads\/2019\/11\/opengraph-vinification-domaine-chantegrive-1.jpg 1200w, https:\/\/www.chantegrive.ch\/wp-content\/uploads\/2019\/11\/opengraph-vinification-domaine-chantegrive-1-762x400.jpg 762w, https:\/\/www.chantegrive.ch\/wp-content\/uploads\/2019\/11\/opengraph-vinification-domaine-chantegrive-1-768x403.jpg 768w, https:\/\/www.chantegrive.ch\/wp-content\/uploads\/2019\/11\/opengraph-vinification-domaine-chantegrive-1-510x268.jpg 510w\" sizes=\"auto, (max-width: 1200px) 100vw, 1200px\" \/>\t\t\t\t\t\t\t\t\t\t\t<\/div>\n\t\t\t<\/a>\t\t<\/div>\n\n\t\t<div class=\"box-text text-center\" >\n\t\t\t<div class=\"box-text-inner\">\n\t\t\t\t\n<h4><a href=\"https:\/\/www.chantegrive.ch\/de\/die-vinifizierung\/\">DIE VINIFIZIERUNG<\/a><\/h4>\n\t\t\t<\/div>\n\t\t<\/div>\n\t<\/div>\n\t\n\t\t<\/div>\n\t\t\t\t\t<\/div>\n\n\t\n\n\t<div id=\"col-1744614069\" class=\"col medium-3 small-6 large-3\"  >\n\t\t\t\t<div class=\"col-inner\"  >\n\t\t\t\n\t\t\t\n\t<div class=\"box has-hover   has-hover box-text-bottom\" >\n\n\t\t<div class=\"box-image\" >\n\t\t\t<a href=\"https:\/\/www.chantegrive.ch\/de\/das-kellermaterial\/\" >\t\t\t<div class=\"\" >\n\t\t\t\t<img loading=\"lazy\" decoding=\"async\" width=\"1200\" height=\"630\" src=\"https:\/\/www.chantegrive.ch\/wp-content\/uploads\/2019\/11\/opengraph-materiel-de-cave-domaine-chantegrive.jpg\" class=\"attachment- size-\" alt=\"Opengraph Materiel de Cave Domaine de Chantegrive\" srcset=\"https:\/\/www.chantegrive.ch\/wp-content\/uploads\/2019\/11\/opengraph-materiel-de-cave-domaine-chantegrive.jpg 1200w, https:\/\/www.chantegrive.ch\/wp-content\/uploads\/2019\/11\/opengraph-materiel-de-cave-domaine-chantegrive-762x400.jpg 762w, https:\/\/www.chantegrive.ch\/wp-content\/uploads\/2019\/11\/opengraph-materiel-de-cave-domaine-chantegrive-768x403.jpg 768w, https:\/\/www.chantegrive.ch\/wp-content\/uploads\/2019\/11\/opengraph-materiel-de-cave-domaine-chantegrive-510x268.jpg 510w\" sizes=\"auto, (max-width: 1200px) 100vw, 1200px\" \/>\t\t\t\t\t\t\t\t\t\t\t<\/div>\n\t\t\t<\/a>\t\t<\/div>\n\n\t\t<div class=\"box-text text-center\" >\n\t\t\t<div class=\"box-text-inner\">\n\t\t\t\t\n<h4><a href=\"https:\/\/www.chantegrive.ch\/de\/das-kellermaterial\/\">DAS KELLERMATERIAL<\/a><\/h4>\n\t\t\t<\/div>\n\t\t<\/div>\n\t<\/div>\n\t\n\t\t<\/div>\n\t\t\t\t\t<\/div>\n\n\t\n\n\t<div id=\"col-1021364518\" class=\"col medium-3 small-6 large-3\"  >\n\t\t\t\t<div class=\"col-inner\"  >\n\t\t\t\n\t\t\t\n\t<div class=\"box has-hover   has-hover box-text-bottom\" >\n\n\t\t<div class=\"box-image\" >\n\t\t\t<a href=\"https:\/\/www.chantegrive.ch\/de\/personalisierte-flasche\/\" >\t\t\t<div class=\"\" >\n\t\t\t\t<img loading=\"lazy\" decoding=\"async\" width=\"1200\" height=\"630\" src=\"https:\/\/www.chantegrive.ch\/wp-content\/uploads\/2019\/11\/opengraph-mise-en-bouteille-domaine-chantegrive.jpg\" class=\"attachment- size-\" alt=\"Opengraph Mise en Bouteille Domaine de Chantegrive\" srcset=\"https:\/\/www.chantegrive.ch\/wp-content\/uploads\/2019\/11\/opengraph-mise-en-bouteille-domaine-chantegrive.jpg 1200w, https:\/\/www.chantegrive.ch\/wp-content\/uploads\/2019\/11\/opengraph-mise-en-bouteille-domaine-chantegrive-762x400.jpg 762w, https:\/\/www.chantegrive.ch\/wp-content\/uploads\/2019\/11\/opengraph-mise-en-bouteille-domaine-chantegrive-768x403.jpg 768w, https:\/\/www.chantegrive.ch\/wp-content\/uploads\/2019\/11\/opengraph-mise-en-bouteille-domaine-chantegrive-510x268.jpg 510w\" sizes=\"auto, (max-width: 1200px) 100vw, 1200px\" \/>\t\t\t\t\t\t\t\t\t\t\t<\/div>\n\t\t\t<\/a>\t\t<\/div>\n\n\t\t<div class=\"box-text text-center\" >\n\t\t\t<div class=\"box-text-inner\">\n\t\t\t\t\n<h4><a href=\"https:\/\/www.chantegrive.ch\/de\/personalisierte-flasche\/\">PERSONALISIERT MIT EIGENER ETIKETTE<br \/>\n<\/a><\/h4>\n\t\t\t<\/div>\n\t\t<\/div>\n\t<\/div>\n\t\n\t\t<\/div>\n\t\t\t\t\t<\/div>\n\n\t\n\n\t<div id=\"col-231215120\" class=\"col medium-3 small-6 large-3\"  >\n\t\t\t\t<div class=\"col-inner\"  >\n\t\t\t\n\t\t\t\n\t<div class=\"box has-hover   has-hover box-text-bottom\" >\n\n\t\t<div class=\"box-image\" >\n\t\t\t<a href=\"https:\/\/www.chantegrive.ch\/de\/presseartikel\/\" >\t\t\t<div class=\"\" >\n\t\t\t\t<img loading=\"lazy\" decoding=\"async\" width=\"1200\" height=\"630\" src=\"https:\/\/www.chantegrive.ch\/wp-content\/uploads\/2019\/11\/opengraph-gilly-domaine-chantegrive.jpg\" class=\"attachment- size-\" alt=\"Opengraph Gilly Domaine de Chantegrive\" srcset=\"https:\/\/www.chantegrive.ch\/wp-content\/uploads\/2019\/11\/opengraph-gilly-domaine-chantegrive.jpg 1200w, https:\/\/www.chantegrive.ch\/wp-content\/uploads\/2019\/11\/opengraph-gilly-domaine-chantegrive-762x400.jpg 762w, https:\/\/www.chantegrive.ch\/wp-content\/uploads\/2019\/11\/opengraph-gilly-domaine-chantegrive-768x403.jpg 768w, https:\/\/www.chantegrive.ch\/wp-content\/uploads\/2019\/11\/opengraph-gilly-domaine-chantegrive-510x268.jpg 510w\" sizes=\"auto, (max-width: 1200px) 100vw, 1200px\" \/>\t\t\t\t\t\t\t\t\t\t\t<\/div>\n\t\t\t<\/a>\t\t<\/div>\n\n\t\t<div class=\"box-text text-center\" >\n\t\t\t<div class=\"box-text-inner\">\n\t\t\t\t\n<h4><a href=\"https:\/\/www.chantegrive.ch\/de\/presseartikel\/\">PRESSEARTIKEL<\/a><\/h4>\n\t\t\t<\/div>\n\t\t<\/div>\n\t<\/div>\n\t\n\t\t<\/div>\n\t\t\t\t\t<\/div>\n\n\t\n<\/div>\n\t<div id=\"gap-1092660318\" class=\"gap-element clearfix\" style=\"display:block; height:auto;\">\n\t\t\n<style>\n#gap-1092660318 {\n  padding-top: 60px;\n}\n<\/style>\n\t<\/div>\n\t\n","protected":false},"excerpt":{"rendered":"","protected":false},"author":1,"featured_media":7345,"parent":0,"menu_order":0,"comment_status":"closed","ping_status":"closed","template":"page-transparent-header.php","meta":{"iawp_total_views":32,"footnotes":""},"class_list":["post-2182","page","type-page","status-publish","has-post-thumbnail","hentry"],"yoast_head":"<!-- This site is optimized with the Yoast SEO plugin v27.4 - https:\/\/yoast.com\/product\/yoast-seo-wordpress\/ -->\n<title>Die Rebenarbeiten Domaine de Chantegrive<\/title>\n<meta name=\"description\" content=\"Travaux de la vigne r\u00e9gion La C\u00f4te Entretien Plantations Ebourgeonnage Epamprage Traitements phytosanitaires Lutte\/insectes Effeuilles Attachage Palissage\" \/>\n<meta name=\"robots\" content=\"index, follow, max-snippet:-1, max-image-preview:large, max-video-preview:-1\" \/>\n<link rel=\"canonical\" href=\"https:\/\/www.chantegrive.ch\/de\/die-rebenarbeiten\/\" \/>\n<meta property=\"og:locale\" content=\"de_DE\" \/>\n<meta property=\"og:type\" content=\"article\" \/>\n<meta property=\"og:title\" content=\"Die Rebenarbeiten Domaine de Chantegrive\" \/>\n<meta property=\"og:description\" content=\"Die Rebenarbeiten Domaine de Chantegrive - Pflege, Anbau, Ausbrechen, Rebstockpflege, Pflanzenschutz, Insektenbek\u00e4mpfung, Entlaubung, Aufbinden an die Reben-Zaunreihen.\" \/>\n<meta property=\"og:url\" content=\"https:\/\/www.chantegrive.ch\/de\/die-rebenarbeiten\/\" \/>\n<meta property=\"og:site_name\" content=\"Domaine de Chantegrive\" \/>\n<meta property=\"article:publisher\" content=\"https:\/\/www.facebook.com\/domainedechantegrive\/\" \/>\n<meta property=\"article:modified_time\" content=\"2020-03-02T08:45:20+00:00\" \/>\n<meta property=\"og:image\" content=\"https:\/\/www.chantegrive.ch\/wp-content\/uploads\/2019\/11\/opengraph-travaux-de-la-vigne-domaine-chantegrive.jpg\" \/>\n\t<meta property=\"og:image:width\" content=\"1200\" \/>\n\t<meta property=\"og:image:height\" content=\"630\" \/>\n\t<meta property=\"og:image:type\" content=\"image\/jpeg\" \/>\n<meta name=\"twitter:card\" content=\"summary_large_image\" \/>\n<meta name=\"twitter:label1\" content=\"Gesch\u00e4tzte Lesezeit\" \/>\n\t<meta name=\"twitter:data1\" content=\"6\u00a0Minuten\" \/>\n<script type=\"application\/ld+json\" class=\"yoast-schema-graph\">{\"@context\":\"https:\\\/\\\/schema.org\",\"@graph\":[{\"@type\":\"WebPage\",\"@id\":\"https:\\\/\\\/www.chantegrive.ch\\\/de\\\/die-rebenarbeiten\\\/\",\"url\":\"https:\\\/\\\/www.chantegrive.ch\\\/de\\\/die-rebenarbeiten\\\/\",\"name\":\"Die Rebenarbeiten Domaine de Chantegrive\",\"isPartOf\":{\"@id\":\"https:\\\/\\\/www.chantegrive.ch\\\/#website\"},\"primaryImageOfPage\":{\"@id\":\"https:\\\/\\\/www.chantegrive.ch\\\/de\\\/die-rebenarbeiten\\\/#primaryimage\"},\"image\":{\"@id\":\"https:\\\/\\\/www.chantegrive.ch\\\/de\\\/die-rebenarbeiten\\\/#primaryimage\"},\"thumbnailUrl\":\"https:\\\/\\\/www.chantegrive.ch\\\/wp-content\\\/uploads\\\/2019\\\/11\\\/opengraph-travaux-de-la-vigne-domaine-chantegrive.jpg\",\"datePublished\":\"2017-05-13T15:40:26+00:00\",\"dateModified\":\"2020-03-02T08:45:20+00:00\",\"description\":\"Travaux de la vigne r\u00e9gion La C\u00f4te Entretien Plantations Ebourgeonnage Epamprage Traitements phytosanitaires Lutte\\\/insectes Effeuilles Attachage Palissage\",\"breadcrumb\":{\"@id\":\"https:\\\/\\\/www.chantegrive.ch\\\/de\\\/die-rebenarbeiten\\\/#breadcrumb\"},\"inLanguage\":\"de\",\"potentialAction\":[{\"@type\":\"ReadAction\",\"target\":[\"https:\\\/\\\/www.chantegrive.ch\\\/de\\\/die-rebenarbeiten\\\/\"]}]},{\"@type\":\"ImageObject\",\"inLanguage\":\"de\",\"@id\":\"https:\\\/\\\/www.chantegrive.ch\\\/de\\\/die-rebenarbeiten\\\/#primaryimage\",\"url\":\"https:\\\/\\\/www.chantegrive.ch\\\/wp-content\\\/uploads\\\/2019\\\/11\\\/opengraph-travaux-de-la-vigne-domaine-chantegrive.jpg\",\"contentUrl\":\"https:\\\/\\\/www.chantegrive.ch\\\/wp-content\\\/uploads\\\/2019\\\/11\\\/opengraph-travaux-de-la-vigne-domaine-chantegrive.jpg\",\"width\":1200,\"height\":630,\"caption\":\"Opengraph Travaux de la Vigne\"},{\"@type\":\"BreadcrumbList\",\"@id\":\"https:\\\/\\\/www.chantegrive.ch\\\/de\\\/die-rebenarbeiten\\\/#breadcrumb\",\"itemListElement\":[{\"@type\":\"ListItem\",\"position\":1,\"name\":\"Accueil\",\"item\":\"https:\\\/\\\/www.chantegrive.ch\\\/de\\\/\"},{\"@type\":\"ListItem\",\"position\":2,\"name\":\"Die Rebenarbeiten\"}]},{\"@type\":\"WebSite\",\"@id\":\"https:\\\/\\\/www.chantegrive.ch\\\/#website\",\"url\":\"https:\\\/\\\/www.chantegrive.ch\\\/\",\"name\":\"Domaine de Chantegrive\",\"description\":\"Vins Alain Rolaz &amp; fils\",\"potentialAction\":[{\"@type\":\"SearchAction\",\"target\":{\"@type\":\"EntryPoint\",\"urlTemplate\":\"https:\\\/\\\/www.chantegrive.ch\\\/?s={search_term_string}\"},\"query-input\":{\"@type\":\"PropertyValueSpecification\",\"valueRequired\":true,\"valueName\":\"search_term_string\"}}],\"inLanguage\":\"de\"}]}<\/script>\n<!-- \/ Yoast SEO plugin. -->","yoast_head_json":{"title":"Die Rebenarbeiten Domaine de Chantegrive","description":"Travaux de la vigne r\u00e9gion La C\u00f4te Entretien Plantations Ebourgeonnage Epamprage Traitements phytosanitaires Lutte\/insectes Effeuilles Attachage Palissage","robots":{"index":"index","follow":"follow","max-snippet":"max-snippet:-1","max-image-preview":"max-image-preview:large","max-video-preview":"max-video-preview:-1"},"canonical":"https:\/\/www.chantegrive.ch\/de\/die-rebenarbeiten\/","og_locale":"de_DE","og_type":"article","og_title":"Die Rebenarbeiten Domaine de Chantegrive","og_description":"Die Rebenarbeiten Domaine de Chantegrive - Pflege, Anbau, Ausbrechen, Rebstockpflege, Pflanzenschutz, Insektenbek\u00e4mpfung, Entlaubung, Aufbinden an die Reben-Zaunreihen.","og_url":"https:\/\/www.chantegrive.ch\/de\/die-rebenarbeiten\/","og_site_name":"Domaine de Chantegrive","article_publisher":"https:\/\/www.facebook.com\/domainedechantegrive\/","article_modified_time":"2020-03-02T08:45:20+00:00","og_image":[{"width":1200,"height":630,"url":"https:\/\/www.chantegrive.ch\/wp-content\/uploads\/2019\/11\/opengraph-travaux-de-la-vigne-domaine-chantegrive.jpg","type":"image\/jpeg"}],"twitter_card":"summary_large_image","twitter_misc":{"Gesch\u00e4tzte Lesezeit":"6\u00a0Minuten"},"schema":{"@context":"https:\/\/schema.org","@graph":[{"@type":"WebPage","@id":"https:\/\/www.chantegrive.ch\/de\/die-rebenarbeiten\/","url":"https:\/\/www.chantegrive.ch\/de\/die-rebenarbeiten\/","name":"Die Rebenarbeiten Domaine de Chantegrive","isPartOf":{"@id":"https:\/\/www.chantegrive.ch\/#website"},"primaryImageOfPage":{"@id":"https:\/\/www.chantegrive.ch\/de\/die-rebenarbeiten\/#primaryimage"},"image":{"@id":"https:\/\/www.chantegrive.ch\/de\/die-rebenarbeiten\/#primaryimage"},"thumbnailUrl":"https:\/\/www.chantegrive.ch\/wp-content\/uploads\/2019\/11\/opengraph-travaux-de-la-vigne-domaine-chantegrive.jpg","datePublished":"2017-05-13T15:40:26+00:00","dateModified":"2020-03-02T08:45:20+00:00","description":"Travaux de la vigne r\u00e9gion La C\u00f4te Entretien Plantations Ebourgeonnage Epamprage Traitements phytosanitaires Lutte\/insectes Effeuilles Attachage Palissage","breadcrumb":{"@id":"https:\/\/www.chantegrive.ch\/de\/die-rebenarbeiten\/#breadcrumb"},"inLanguage":"de","potentialAction":[{"@type":"ReadAction","target":["https:\/\/www.chantegrive.ch\/de\/die-rebenarbeiten\/"]}]},{"@type":"ImageObject","inLanguage":"de","@id":"https:\/\/www.chantegrive.ch\/de\/die-rebenarbeiten\/#primaryimage","url":"https:\/\/www.chantegrive.ch\/wp-content\/uploads\/2019\/11\/opengraph-travaux-de-la-vigne-domaine-chantegrive.jpg","contentUrl":"https:\/\/www.chantegrive.ch\/wp-content\/uploads\/2019\/11\/opengraph-travaux-de-la-vigne-domaine-chantegrive.jpg","width":1200,"height":630,"caption":"Opengraph Travaux de la Vigne"},{"@type":"BreadcrumbList","@id":"https:\/\/www.chantegrive.ch\/de\/die-rebenarbeiten\/#breadcrumb","itemListElement":[{"@type":"ListItem","position":1,"name":"Accueil","item":"https:\/\/www.chantegrive.ch\/de\/"},{"@type":"ListItem","position":2,"name":"Die Rebenarbeiten"}]},{"@type":"WebSite","@id":"https:\/\/www.chantegrive.ch\/#website","url":"https:\/\/www.chantegrive.ch\/","name":"Domaine de Chantegrive","description":"Vins Alain Rolaz &amp; fils","potentialAction":[{"@type":"SearchAction","target":{"@type":"EntryPoint","urlTemplate":"https:\/\/www.chantegrive.ch\/?s={search_term_string}"},"query-input":{"@type":"PropertyValueSpecification","valueRequired":true,"valueName":"search_term_string"}}],"inLanguage":"de"}]}},"_links":{"self":[{"href":"https:\/\/www.chantegrive.ch\/de\/wp-json\/wp\/v2\/pages\/2182","targetHints":{"allow":["GET"]}}],"collection":[{"href":"https:\/\/www.chantegrive.ch\/de\/wp-json\/wp\/v2\/pages"}],"about":[{"href":"https:\/\/www.chantegrive.ch\/de\/wp-json\/wp\/v2\/types\/page"}],"author":[{"embeddable":true,"href":"https:\/\/www.chantegrive.ch\/de\/wp-json\/wp\/v2\/users\/1"}],"replies":[{"embeddable":true,"href":"https:\/\/www.chantegrive.ch\/de\/wp-json\/wp\/v2\/comments?post=2182"}],"version-history":[{"count":0,"href":"https:\/\/www.chantegrive.ch\/de\/wp-json\/wp\/v2\/pages\/2182\/revisions"}],"wp:featuredmedia":[{"embeddable":true,"href":"https:\/\/www.chantegrive.ch\/de\/wp-json\/wp\/v2\/media\/7345"}],"wp:attachment":[{"href":"https:\/\/www.chantegrive.ch\/de\/wp-json\/wp\/v2\/media?parent=2182"}],"curies":[{"name":"wp","href":"https:\/\/api.w.org\/{rel}","templated":true}]}}